{"version":"1.0","provider_name":"sutisdobozoom","provider_url":"https:\/\/sutisdobozom.cafeblog.hu","author_name":"szeb\u00e9nyi \u00e9va","author_url":"https:\/\/sutisdobozom.cafeblog.hu\/author\/vica77\/","title":"Mogyor\u00f3s kifli","html":"<p><a href=\"https:\/\/sutisdobozom.cafeblog.hu\/files\/2017\/11\/insta3846.jpg\"><img class=\"aligncenter size-large wp-image-1274\" src=\"https:\/\/sutisdobozom.cafeblog.hu\/files\/2017\/11\/insta3846-400x600.jpg\" alt=\"\" width=\"400\" height=\"600\" \/><\/a><\/p>\r\n<p><a href=\"https:\/\/sutisdobozom.cafeblog.hu\/files\/2017\/11\/IMG_3848.jpg\"><img class=\"aligncenter size-large wp-image-1272\" src=\"https:\/\/sutisdobozom.cafeblog.hu\/files\/2017\/11\/IMG_3848-400x600.jpg\" alt=\"\" width=\"400\" height=\"600\" \/><\/a><\/p>\r\n<p>Kar\u00e1csony k\u00f6zeledt\u00e9vel k\u00eds\u00e9rletez\u00e9sbe fogtam, hogy a j\u00f3l bev\u00e1lt <a href=\"https:\/\/sutisdobozom.cafeblog.hu\/2016\/12\/12\/egyszeru-dios-hokifli\/\" target=\"_blank\" rel=\"noopener noreferrer\">di\u00f3s kifli<\/a> mell\u00e9 (vagy helyett) milyen m\u00e1s kiflit tudn\u00e9k elk\u00e9sz\u00edteni. Nagyon k\u00f6nny\u0171 recept, szok\u00e1s szerint. Ebb\u0151l a mennyis\u00e9gb\u0151l 70-80 db kifli k\u00e9sz\u00fcl (ez f\u00fcgg a kiflik nagys\u00e1g\u00e1t\u00f3l is).<\/p>\r\n<p><strong>Hozz\u00e1val\u00f3k:<\/strong><\/p>\r\n<p>400 g liszt<\/p>\r\n<p>200 g dar\u00e1lt mogyor\u00f3 (vagy mandula)<\/p>\r\n<p>200 g vaj<\/p>\r\n<p>180 g porcukor<\/p>\r\n<p>1\/2 csomag s\u00fct\u0151por<\/p>\r\n<p>2 eg\u00e9sz toj\u00e1s<\/p>\r\n<p>1\/2 ek van\u00edliaaroma<\/p>\r\n<p><a href=\"https:\/\/sutisdobozom.cafeblog.hu\/files\/2017\/11\/3925.jpg\"><img class=\"aligncenter size-large wp-image-1269\" src=\"https:\/\/sutisdobozom.cafeblog.hu\/files\/2017\/11\/3925-400x600.jpg\" alt=\"\" width=\"400\" height=\"600\" \/><\/a><\/p>\r\n<p><strong>Elk\u00e9sz\u00edt\u00e9s:<\/strong><\/p>\r\n<p>A szobah\u0151m\u00e9rs\u00e9klet\u0171 vajat, \u00f6sszemorzsolom a liszttel, majd hozz\u00e1adom a dar\u00e1lt mogyor\u00f3t (vagy mandul\u00e1t) a porcukrot a toj\u00e1st, van\u00edliaarom\u00e1t, majd a s\u00fct\u0151port. \u00d6sszegy\u00farjuk \u00e9s kis cip\u00f3t form\u00e1zunk bel\u0151le. Becsomagoljuk egy f\u00f3li\u00e1ba \u00e9s legal\u00e1bb 30 percre h\u0171t\u0151be tessz\u00fck.\u00a0<\/p>\r\n<p>Ha letelt a f\u00e9l \u00f3ra, a s\u00fct\u0151t el\u0151meleg\u00edtj\u00fck 180 fokra, egy lapos tepsit kib\u00e9lel\u00fcnk s\u00fct\u0151pap\u00edrral. A t\u00e9szt\u00e1b\u00f3l kis kifliket form\u00e1zunk, kis k\u00f6z\u00f6kkel egym\u00e1s mell\u00e9 helyezz\u00fck a tepsin \u00e9s 10 perc alatt megs\u00fctj\u00fck. Amikor kivessz\u00fck a s\u00fct\u0151b\u0151l, m\u00e9g nagyon puha lesz, ne lep\u0151dj\u00fcnk meg, az ujjunkkal be tudjuk nyomni, de p\u00e1r perc m\u00falva m\u00e1r megfelel\u0151 \u00e1llag\u00fa lesz. Langyosan porcukorba forgatjuk \u00e9s f\u00e9m dobozk\u00e1ban t\u00e1roljuk.\u00a0<\/p>\r\n<p>J\u00f3 \u00e9tv\u00e1gyat!<\/p>\r\n<p>Fot\u00f3z\u00e1shoz a\u00a0<a href=\"http:\/\/www.fotohatterek.hu\/\" target=\"_blank\" rel=\"noopener noreferrer\">Fotohatterek.hu<\/a>\u00a0h\u00e1tter\u00e9t haszn\u00e1ltam.<\/p>\r\n<p><a href=\"https:\/\/sutisdobozom.cafeblog.hu\/files\/2017\/11\/IMG_3939.jpg\"><img class=\"aligncenter size-large wp-image-1268\" src=\"https:\/\/sutisdobozom.cafeblog.hu\/files\/2017\/11\/IMG_3939-400x600.jpg\" alt=\"\" width=\"400\" height=\"600\" \/><\/a><\/p>","type":"rich","thumbnail_url":"https:\/\/sutisdobozom.cafeblog.hu\/files\/2017\/11\/insta3846-150x150.jpg","thumbnail_width":150,"thumbnail_height":150}